{"id":36,"date":"2021-09-14T06:35:17","date_gmt":"2021-09-14T06:35:17","guid":{"rendered":"http:\/\/preview.arcom.be\/?page_id=36"},"modified":"2021-09-14T09:52:14","modified_gmt":"2021-09-14T09:52:14","slug":"faq","status":"publish","type":"page","link":"https:\/\/www.arcom.be\/fr\/faq\/","title":{"rendered":"QFP"},"content":{"rendered":"<div data-elementor-type=\"wp-page\" data-elementor-id=\"36\" class=\"elementor elementor-36\" data-elementor-post-type=\"page\">\n\t\t\t\t\t\t<section class=\"elementor-section elementor-top-section elementor-element elementor-element-ae346b5 elementor-section-full_width elementor-section-height-default elementor-section-height-default\" data-id=\"ae346b5\" data-element_type=\"section\">\n\t\t\t\t\t\t<div class=\"elementor-container elementor-column-gap-no\">\n\t\t\t\t\t<div class=\"elementor-column elementor-col-100 elementor-top-column elementor-element elementor-element-e903af6\" data-id=\"e903af6\" data-element_type=\"column\">\n\t\t\t<div class=\"elementor-widget-wrap elementor-element-populated\">\n\t\t\t\t\t\t<div class=\"elementor-element elementor-element-72b61a6 elementor-widget elementor-widget-template\" data-id=\"72b61a6\" data-element_type=\"widget\" data-widget_type=\"template.default\">\n\t\t\t\t<div class=\"elementor-widget-container\">\n\t\t\t\t\t<div class=\"elementor-template\">\n\t\t\t\t\t<div data-elementor-type=\"section\" data-elementor-id=\"62\" class=\"elementor elementor-62\" data-elementor-post-type=\"elementor_library\">\n\t\t\t\t\t<section class=\"elementor-section elementor-top-section elementor-element elementor-element-3c6fa49d elementor-section-height-min-height elementor-section-boxed elementor-section-height-default elementor-section-items-middle\" data-id=\"3c6fa49d\" data-element_type=\"section\" data-settings=\"{&quot;background_background&quot;:&quot;classic&quot;}\">\n\t\t\t\t\t\t\t<div class=\"elementor-background-overlay\"><\/div>\n\t\t\t\t\t\t\t<div class=\"elementor-container elementor-column-gap-default\">\n\t\t\t\t\t<div class=\"elementor-column elementor-col-100 elementor-top-column elementor-element elementor-element-78a30155\" data-id=\"78a30155\" data-element_type=\"column\">\n\t\t\t<div class=\"elementor-widget-wrap elementor-element-populated\">\n\t\t\t\t\t\t<div class=\"elementor-element elementor-element-712bc72a elementor-align-center elementor-widget elementor-widget-breadcrumbs\" data-id=\"712bc72a\" data-element_type=\"widget\" data-widget_type=\"breadcrumbs.default\">\n\t\t\t\t<div class=\"elementor-widget-container\">\n\t\t\t<p id=\"breadcrumbs\"><span><span><a href=\"https:\/\/www.arcom.be\/fr\/\">Home<\/a><\/span><\/span><\/p>\t\t<\/div>\n\t\t\t\t<\/div>\n\t\t\t\t\t<\/div>\n\t\t<\/div>\n\t\t\t\t\t<\/div>\n\t\t<\/section>\n\t\t\t\t<\/div>\n\t\t\t\t<\/div>\n\t\t\t\t<\/div>\n\t\t\t\t<\/div>\n\t\t\t\t\t<\/div>\n\t\t<\/div>\n\t\t\t\t\t<\/div>\n\t\t<\/section>\n\t\t\t\t<section class=\"elementor-section elementor-top-section elementor-element elementor-element-5c89de7 elementor-section-boxed elementor-section-height-default elementor-section-height-default\" data-id=\"5c89de7\" data-element_type=\"section\">\n\t\t\t\t\t\t<div class=\"elementor-container elementor-column-gap-default\">\n\t\t\t\t\t<div class=\"elementor-column elementor-col-100 elementor-top-column elementor-element elementor-element-df9a820\" data-id=\"df9a820\" data-element_type=\"column\">\n\t\t\t<div class=\"elementor-widget-wrap elementor-element-populated\">\n\t\t\t\t\t\t<section class=\"elementor-section elementor-inner-section elementor-element elementor-element-b35ba91 elementor-section-boxed elementor-section-height-default elementor-section-height-default\" data-id=\"b35ba91\" data-element_type=\"section\">\n\t\t\t\t\t\t<div class=\"elementor-container elementor-column-gap-default\">\n\t\t\t\t\t<div class=\"elementor-column elementor-col-100 elementor-inner-column elementor-element elementor-element-1167289\" data-id=\"1167289\" data-element_type=\"column\">\n\t\t\t<div class=\"elementor-widget-wrap elementor-element-populated\">\n\t\t\t\t\t\t<div class=\"elementor-element elementor-element-9a2bc23 elementor-widget elementor-widget-toggle\" data-id=\"9a2bc23\" data-element_type=\"widget\" data-widget_type=\"toggle.default\">\n\t\t\t\t<div class=\"elementor-widget-container\">\n\t\t\t\t\t<div class=\"elementor-toggle\">\n\t\t\t\t\t\t\t<div class=\"elementor-toggle-item\">\n\t\t\t\t\t<div id=\"elementor-tab-title-1611\" class=\"elementor-tab-title\" data-tab=\"1\" role=\"button\" aria-controls=\"elementor-tab-content-1611\" aria-expanded=\"false\">\n\t\t\t\t\t\t\t\t\t\t\t\t<span class=\"elementor-toggle-icon elementor-toggle-icon-left\" aria-hidden=\"true\">\n\t\t\t\t\t\t\t\t\t\t\t\t\t\t\t<span class=\"elementor-toggle-icon-closed\"><i class=\"fas fa-caret-right\"><\/i><\/span>\n\t\t\t\t\t\t\t\t<span class=\"elementor-toggle-icon-opened\"><i class=\"elementor-toggle-icon-opened fas fa-caret-up\"><\/i><\/span>\n\t\t\t\t\t\t\t\t\t\t\t\t\t<\/span>\n\t\t\t\t\t\t\t\t\t\t\t\t<a class=\"elementor-toggle-title\" tabindex=\"0\">Hoe herken ik een erkende beveilgingsonderneming en hun medewerkers? <br\/> Comment puis-je reconna\u00eetre une entreprise de s\u00e9curit\u00e9 agr\u00e9\u00e9e et ses collaborateurs?<\/a>\n\t\t\t\t\t<\/div>\n\n\t\t\t\t\t<div id=\"elementor-tab-content-1611\" class=\"elementor-tab-content elementor-clearfix\" data-tab=\"1\" role=\"region\" aria-labelledby=\"elementor-tab-title-1611\"><p>Elke onderneming die actief wenst te zijn in de beveiligingswereld moet erkend zijn door het Ministerie van Binnenlandse Zaken , Afdeling \u201cPrivate Veiligheid\u201d. Men bekomt deze erkenning pas nadat men voldoet aan meerdere eisen zoals oa :<\/p><p>1. Bewijs van beroepsbekwaamheid van de zaakvoerder en zijn medewerkers.<\/p><p>2. Slagen in de speciale opleidingen voor de beveiligingswereld: Onderhoud van alarmsystemen -conceptie van alarmsystemen- Leidinggevende van een beveiligingsonderneming.<\/p><p>3. Beschikken over de vereiste infrastructuur en reserve materialen.<\/p><p>4. Beschikken over een 24\/24 h permanentie met back up systeem bij verlof of ziekte. Wanneer men voldoet aan de vereiste criteria dan krijgt de onderneming zijn erkenningnummer bestaande uit 8 cijfers ( Arcom 20.1298.12). Elke medewerker krijgt van het ministerie zijn eigen identificatiekaart met pasfoto en de vermelding van zijn kwalificaties. Deze identificatiekaart moet zichtbaar gedragen worden.<\/p><p>_____________________________________<\/p><p>Chaque entreprise qui veut exercer des activit\u00e9s dans le secteur de la s\u00e9curit\u00e9 doit \u00eatre reconnue par le Minist\u00e8re de l\u2019Int\u00e9rieur, d\u00e9partement \u2018S\u00e9curit\u00e9 Priv\u00e9e\u2019. On obtient cette reconnaissance seulement apr\u00e8s avoir satisfait aux plusieurs exigences, telles que, entre autres:<\/p><p>1. Attestation de comp\u00e9tence professionnelle du g\u00e9rant et de ses collaborateurs.<\/p><p>2. R\u00e9ussir les formations sp\u00e9cifiques pour le secteur de la s\u00e9curit\u00e9: Entretien des syst\u00e8mes d\u2019alarme \u2013 conception des syst\u00e8mes d\u2019alarme \u2013 cadre d\u2019une entreprise de s\u00e9curit\u00e9.<\/p><p>3. Disposer de l\u2019infrastructure exig\u00e9e et des mat\u00e9riaux de rechange.<\/p><p>4. Disposer d\u2019une permanence 24\/24 h avec syst\u00e8me de sauvegarde en cas d\u2019absence (vacances) ou de maladie. Quand on satisfait aux crit\u00e8res exig\u00e9s, l\u2019entreprise obtient son num\u00e9ro d\u2019agr\u00e9ment, compos\u00e9 de 8 chiffres (Arcom 20.1298.12). Chaque collaborateur re\u00e7oit du minist\u00e8re sa propre carte d\u2019identification avec photo d\u2019identit\u00e9, mentionnant ses qualifications. Cette carte d\u2019identification doit \u00eatre port\u00e9e visiblement.<\/p><\/div>\n\t\t\t\t<\/div>\n\t\t\t\t\t\t\t<div class=\"elementor-toggle-item\">\n\t\t\t\t\t<div id=\"elementor-tab-title-1612\" class=\"elementor-tab-title\" data-tab=\"2\" role=\"button\" aria-controls=\"elementor-tab-content-1612\" aria-expanded=\"false\">\n\t\t\t\t\t\t\t\t\t\t\t\t<span class=\"elementor-toggle-icon elementor-toggle-icon-left\" aria-hidden=\"true\">\n\t\t\t\t\t\t\t\t\t\t\t\t\t\t\t<span class=\"elementor-toggle-icon-closed\"><i class=\"fas fa-caret-right\"><\/i><\/span>\n\t\t\t\t\t\t\t\t<span class=\"elementor-toggle-icon-opened\"><i class=\"elementor-toggle-icon-opened fas fa-caret-up\"><\/i><\/span>\n\t\t\t\t\t\t\t\t\t\t\t\t\t<\/span>\n\t\t\t\t\t\t\t\t\t\t\t\t<a class=\"elementor-toggle-title\" tabindex=\"0\">Wat is INCERT en waarvoor staat dit label? INCERT? C\u2019est quoi et qu\u2019est-ce que ce label repr\u00e9sente?<\/a>\n\t\t\t\t\t<\/div>\n\n\t\t\t\t\t<div id=\"elementor-tab-content-1612\" class=\"elementor-tab-content elementor-clearfix\" data-tab=\"2\" role=\"region\" aria-labelledby=\"elementor-tab-title-1612\"><p>INCERT is de afkorting van INtrusion CERTification. Incert is een kwaliteitsmerk voor de producten en diensten met betrekking tot elektronische beveiliging tegen inbraak. Enkel de producten en de beveiligingsondernemingen die naar behoren gecertificeerd zijn, mogen het INCERT merk gebruiken. Om deze certificatie te bekomen moeten de producten overeenstemmen met de Technische Nota T-014 die uitgegeven wordt door het Belgisch Elektrotechnisch Comit\u00e9 (BEC) terwijl de beveiligingsondernemingen moeten voldoen aan de Technische Nota T-015\/2 en zij al hun installaties in overeenstemming met deze voorschriften moeten verwezenlijken. Een comit\u00e9 voor het beheer van het merk INCERT waarin alle betrokken partijen vertegenwoordigd zijn, bepaalt de certificatieregels.<\/p><p>Samenstelling van het comit\u00e9:<\/p><p>Verzekeringsmaatschappijen van Assuralia<\/p><p>Gespecialiseerde studiebureaus<\/p><p>Inspectie en certificatie instellingen<\/p><p>De Federale Overheid Binnenlandse Zaken.<\/p><p>Beroepsverenigingen en invoerders\/fabrikanten (AIA-FEDELEC-NELECTRA ..)<\/p><p>_____________________________________<\/p><p>INCERT est l\u2019abr\u00e9viation de INtrusion &amp; CERTification. Incert est un label de qualit\u00e9 pour les produits et les services en mati\u00e8re de la s\u00e9curit\u00e9 \u00e9lectronique contre l\u2019intrusion. Uniquement les produits et les entreprises de s\u00e9curit\u00e9s qui sont suffisamment certifi\u00e9s, peuvent utiliser le label INCERT. Pour obtenir cette certification, les produits doivent correspondre \u00e0 la Note Technique T-014, \u00e9mise par le Comit\u00e9 Electrotechnique Belge (CEB), tandis que les entreprises de s\u00e9curit\u00e9 doivent satisfaire \u00e0 la Note Technique T-015\/2, et elles doivent r\u00e9aliser toutes leurs installations en conformit\u00e9 avec ces prescriptions. Un comit\u00e9 pour la gestion de la marque INCERT repr\u00e9sentant toutes les parties int\u00e9ress\u00e9es, d\u00e9termine les r\u00e8gles de certification.<\/p><p>Composition du comit\u00e9 :<\/p><p>Les entreprises d\u2019assurances Assuralia<\/p><p>Les bureaux d\u2019\u00e9tudes sp\u00e9cialis\u00e9s<\/p><p>les organismes de certification et d&#8217;inspection<\/p><p>le Service Public F\u00e9d\u00e9ral (SPF) Int\u00e9rieur<\/p><p>les f\u00e9d\u00e9rations professionnelles des importateurs\/fabricants et entreprises actives dans le domaine de la s\u00e9curit\u00e9 (AIA, FEDELEC, NELECTRA\u2026)<\/p><\/div>\n\t\t\t\t<\/div>\n\t\t\t\t\t\t\t<div class=\"elementor-toggle-item\">\n\t\t\t\t\t<div id=\"elementor-tab-title-1613\" class=\"elementor-tab-title\" data-tab=\"3\" role=\"button\" aria-controls=\"elementor-tab-content-1613\" aria-expanded=\"false\">\n\t\t\t\t\t\t\t\t\t\t\t\t<span class=\"elementor-toggle-icon elementor-toggle-icon-left\" aria-hidden=\"true\">\n\t\t\t\t\t\t\t\t\t\t\t\t\t\t\t<span class=\"elementor-toggle-icon-closed\"><i class=\"fas fa-caret-right\"><\/i><\/span>\n\t\t\t\t\t\t\t\t<span class=\"elementor-toggle-icon-opened\"><i class=\"elementor-toggle-icon-opened fas fa-caret-up\"><\/i><\/span>\n\t\t\t\t\t\t\t\t\t\t\t\t\t<\/span>\n\t\t\t\t\t\t\t\t\t\t\t\t<a class=\"elementor-toggle-title\" tabindex=\"0\">Zijn mijn investeringen in beveiliging fiscaal aftrekbaar? Est-ce que mes investissements en s\u00e9curit\u00e9 entrent en ligne de compte pour une d\u00e9duction fiscale?<\/a>\n\t\t\t\t\t<\/div>\n\n\t\t\t\t\t<div id=\"elementor-tab-content-1613\" class=\"elementor-tab-content elementor-clearfix\" data-tab=\"3\" role=\"region\" aria-labelledby=\"elementor-tab-title-1613\"><p><strong>D\u00e9duction pour investissement en s\u00e9curit\u00e9 : L\u00e9gislation 2015<\/strong><\/p><p>Une salle professionnelle s\u00e9curis\u00e9e rapporte plus que vous ne le pensez. En augmentant la s\u00e9curit\u00e9 de votre environnement de travail, vous limitez non seulement les risques de vol, d'effraction ou de cambriolage, mais aussi les cons\u00e9quences financi\u00e8res. De plus, vous cr\u00e9ez une atmosph\u00e8re de travail sans soucis pour vous et vos employ\u00e9s. N'h\u00e9sitez pas \u00e0 vous faire conseiller gratuitement par les conseillers technico-pr\u00e9ventifs de votre zone de police. Ces professionnels d\u00e9tectent et analysent les forces et les faiblesses de vos locaux professionnels.<\/p><p><strong>Pour qui?<\/strong><\/p><p>Pour les ind\u00e9pendants, PME et professions lib\u00e9rales qui s\u00e9curisent leurs locaux professionnels.<\/p><p><strong>Quel avantage ?<\/strong><\/p><p>En plus de l'amortissement normal, les investissements en mat\u00e9riel de s\u00e9curit\u00e9 peuvent b\u00e9n\u00e9ficier d'une d\u00e9duction suppl\u00e9mentaire de 20,5 %, \u00e0 savoir la \u00ab D\u00e9duction pour investissement \u00bb. Cette d\u00e9duction est d\u00e9duite du b\u00e9n\u00e9fice ou du revenu de l'ann\u00e9e au cours de laquelle vous avez acquis ces biens.<\/p><p>Exemple<\/p><p>Erik est travailleur ind\u00e9pendant (commer\u00e7ant). En 2014, il a investi 15.000 \u20ac pour la s\u00e9curisation de ses locaux professionnels.<\/p><p>15.000 \u20ac x 20,5 % = 3.075 \u20ac d\u00e9duction pour investissement. Ce montant est d\u00e9duit du r\u00e9sultat net de 2014.<\/p><p><strong>Mat\u00e9riel donnant droit \u00e0 une d\u00e9duction fiscale*<\/strong><\/p><p>\u2013 syst\u00e8mes anti-ram raid<\/p><p>- syst\u00e8mes de contr\u00f4le d'acc\u00e8s<\/p><p>\u2013 \u00e9l\u00e9ments de retard dans le parking<\/p><p>\u2013 verre sp\u00e9cifique anti-effraction<\/p><p>\u2013 volets roulants anti-effraction sp\u00e9cifiques<\/p><p>\u2013 syst\u00e8mes de s\u00e9curit\u00e9 pour portes, fen\u00eatres, volets, portes de garage, lucarnes, fen\u00eatres de toit, trous de cave et portes blind\u00e9es de portail<\/p><p>\u2013 \u00e9quipement de d\u00e9tection de vol<\/p><p>\u2013 coffre-fort avec serrure anti-effraction<\/p><p>\u2013 caisses enregistreuses avec capot de protection ou capot anti-agrippant<\/p><p>\u2013 syst\u00e8me de neutralisation des valeurs (light-CIT)<\/p><p>\u2013 cl\u00f4ture anti-effraction sp\u00e9cifique pour les serrures de chantier et autres syst\u00e8mes de s\u00e9curit\u00e9 des \u00e9quipements sur un chantier<\/p><p>- syst\u00e8mes d'alarme<\/p><p>\u2013 camerasystemen<\/p><p>\u2013 syst\u00e8mes de suivi<\/p><p>* Cette d\u00e9duction fiscale ne s'applique qu'aux frais occasionn\u00e9s par l'achat d'un nouvel \u00e9quipement.<\/p><p><strong>Quelle proc\u00e9dure l'entrepreneur qui effectue des travaux de s\u00e9curit\u00e9 doit-il suivre?<\/strong><\/p><p>Il doit indiquer sur la facture (ou en annexe) dans quels locaux professionnels les travaux ont \u00e9t\u00e9 effectu\u00e9s et faire une d\u00e9claration sur leur qualit\u00e9. Cela signifie qu'il doit d\u00e9montrer que les investissements r\u00e9pondent aux objectifs fix\u00e9s pour ce mat\u00e9riel, et qu'ils r\u00e9pondent aux exigences l\u00e9gales qui sont sp\u00e9cifiquement \u00e9tablies dans le cadre de ces mesures (Arr\u00eat\u00e9 royal modifiant l'Arr\u00eat\u00e9 royal\/WIB 92 relatif \u00e0 la d\u00e9duction pour investissement ). Assurez-vous que votre entrepreneur est au courant de ces dispositions.<\/p><p><strong>Quelles mesures devez-vous prendre?<\/strong><\/p><p>Vous pouvez obtenir une d\u00e9duction fiscale major\u00e9e pour les investissements r\u00e9ellement pay\u00e9s pendant la p\u00e9riode imposable.<\/p><p>Vous devez donc : Dans votre d\u00e9claration fiscale (ann\u00e9e d'imposition 2015), que vous recevrez au cours du premier semestre de cette ann\u00e9e-l\u00e0, indiquer les d\u00e9penses pay\u00e9es en 2014 et remplir un formulaire<\/p><p>\u00ab Allocation d'investissement \u00bb.<\/p><p>Les ann\u00e9es suivantes, vous devrez proc\u00e9der de la m\u00eame mani\u00e8re pour les nouveaux investissements.<\/p><p>Vous devez tenir \u00e0 la disposition du SPF Finances les documents suivants :<\/p><p>\u2013 les factures des investissements.<\/p><p>\u2013 la preuve du paiement des montants mentionn\u00e9s sur les factures.<\/p><p>\u2013 la d\u00e9claration de l'entrepreneur sur la facture (ou en annexe) garantissant la qualit\u00e9 du mat\u00e9riel.<\/p><p>pour les syst\u00e8mes d'alarme et les syst\u00e8mes de localisation,<\/p><p>\u2013 la preuve d'un accord \u00e9crit avec un centre d'urgence agr\u00e9\u00e9.<\/p><p>pour les syst\u00e8mes de cam\u00e9ras,<\/p><p>\u2013 l'attestation prouvant que le syst\u00e8me a \u00e9t\u00e9 d\u00e9clar\u00e9 \u00e0 la Commission de la protection de la vie priv\u00e9e.<\/p><p><strong>Attention 1 :<\/strong><\/p><p>L'installation doit \u00eatre effectu\u00e9e par un entrepreneur agr\u00e9\u00e9. C'est l'entrepreneur qui \u00e9tablira la d\u00e9claration d'ex\u00e9cution des travaux.<\/p><p><strong>Attention 2 :<\/strong><\/p><p><strong>en ce qui concerne l'installation d'un syst\u00e8me d'alarme, l'entrepreneur enregistr\u00e9 doit \u00e9galement \u00eatre une soci\u00e9t\u00e9 de gardiennage, reconnue par le SPF Int\u00e9rieur.<\/strong><\/p><p><strong>R\u00e9glementation statutaire<\/strong><\/p><p>D\u00e9duction pour investissement en s\u00e9curit\u00e9 : La liste des investissements possibles dans le domaine de la s\u00e9curit\u00e9, ainsi que les conditions de qualit\u00e9 y aff\u00e9rentes, sont reprises dans l'arr\u00eat\u00e9 royal du 17 ao\u00fbt 2007 modifiant l'arr\u00eat\u00e9 royal\/WIB 92 relatif \u00e0 la d\u00e9duction pour investissement (Moniteur belge, 30.08.2007)<\/p><p>D\u00e9duction des frais professionnels jusqu'\u00e0 120% : Art. 54 : Un article 64ter est ins\u00e9r\u00e9 dans le Code des imp\u00f4ts sur les revenus 1992.<\/p><p>__________________________________<\/p><p><strong>Est-ce que mes investissements en s\u00e9curit\u00e9 entrent en ligne de compte pour une d\u00e9duction fiscale?<\/strong><\/p><p>D\u00e9duction fiscale des investissements en mati\u00e8re de s\u00e9curit\u00e9: L\u00e9gislation 2015<\/p><p>La s\u00e9curisation d\u2019un local professionnel rapporte plus que vous ne le pensez. Par une augmentation de la s\u00e9curit\u00e9 de votre environnement de travail, vous ne diminuez non seulement le risque de vols, de cambriolages ou d\u2019attaques mais \u00e9galement les cons\u00e9quences financi\u00e8res. En outre, vous cr\u00e9erez une atmosph\u00e8re d\u2019insouciance au travail pour vous-m\u00eame et pour vos employ\u00e9s. N\u2019h\u00e9sitez pas \u00e0 contacter les conseillers techno-pr\u00e9ventifs de votre zone de police pour obtenir des conseils gratuits. Ces professionnels d\u00e9tecteront et analyseront les points forts et les points faibles de vos lieux de travail.<\/p><p><strong>Pour qui?<\/strong><\/p><p>Pour les ind\u00e9pendants, les PME et les titulaires de professions lib\u00e9rales qui s\u00e9curisent leurs lieux de travail.<\/p><p><strong>Quel avantage?<\/strong><\/p><p>Les investissements en mat\u00e9riels de s\u00e9curisation sont susceptibles de b\u00e9n\u00e9ficier, en plus d\u2019un amortissement ordinaire, d\u2019une d\u00e9duction compl\u00e9mentaire de 20,5 %, notamment la \u2018D\u00e9duction pour investissement\u2019. Cette d\u00e9duction est op\u00e9r\u00e9e sur les b\u00e9n\u00e9fices ou les profits de l\u2019ann\u00e9e au cours de laquelle vous avez acquis ces immobilisations.<\/p><p>Exemple:<\/p><p>Eric est un commer\u00e7ant ind\u00e9pendant. En 2014, il investisse 15.00 euros pour la s\u00e9curisation de ses lieux de travail.<\/p><p>\u20ac 15.000 x 20,5 % = \u20ac 3.075 de d\u00e9duction pour investissement. Ce montant est d\u00e9duit du b\u00e9n\u00e9fice net de 2014.<\/p><p><strong>Mat\u00e9riaux donnant droit \u00e0 une d\u00e9duction fiscale*<\/strong><\/p><p>Syst\u00e8mes de protection contre les attaques \u00e0 la voiture b\u00e9lier<\/p><p>El\u00e9ments entrainant un ralentissement pour syst\u00e8mes de contr\u00f4le d\u2019acc\u00e8s pour parkings<\/p><p>Vitrage antieffraction sp\u00e9cifique<\/p><p>Volets roulants antieffraction sp\u00e9cifiques<\/p><p>Syst\u00e8mes de s\u00e9curit\u00e9 pour portes, fen\u00eatres, volets, portes de garages, toitures\/coupoles vitr\u00e9es, lucarnes, soupiraux et porte blind\u00e9es avec grilles<\/p><p>Mat\u00e9riel pour la d\u00e9tection vol<\/p><p>Coffre-fort pour y d\u00e9poser vos biens avec une serrure qui ralentit l\u2019intrusion<\/p><p>Caisses \u00e0 couvercle s\u00e9curis\u00e9 ou couvercle antivol<\/p><p>Syst\u00e8me de neutralisation de valeurs (light-CIT)<\/p><p>Cl\u00f4ture sp\u00e9cifique anti-intrusion pour serrures de chantiers de construction et autre syst\u00e8me de s\u00e9curit\u00e9 pour la protection de mat\u00e9riaux sur un chantier de construction<\/p><p>Syst\u00e8mes d\u2019alarme \u2013 syst\u00e8mes de cam\u00e9ra<\/p><p>Syst\u00e8mes de suivi<\/p><p>* Cette d\u00e9duction fiscale s\u2019applique uniquement sur les frais \u00e9manant d\u2019achats de mat\u00e9riel neuf.<\/p><p><strong>Quelle est la proc\u00e9dure \u00e0 suivre pour l\u2019entrepreneur qui effectue les travaux de s\u00e9curisation?<\/strong><\/p><p>Il doit indiquer sur la facture (ou sur les pi\u00e8ces jointes) dans quels locaux professionnels les travaux ont \u00e9t\u00e9 effectu\u00e9s et il doit soumettre une d\u00e9claration concernant la qualit\u00e9 des travaux. Cela implique qu\u2019il doit attester que les investissements r\u00e9pondent aux objectifs comme d\u00e9termin\u00e9s pour ce mat\u00e9riel, et qu\u2019ils satisfont aux exigences l\u00e9gales qui ont \u00e9t\u00e9 \u00e9tablies dans le cadre de ces mesures (Arr\u00eat\u00e9 Royal modifiant, en mati\u00e8re de pr\u00e9compte professionnel, l\u2019AR\/CIR 92). Assurez-vous que votre entrepreneur soit au courant de ces dispositions.<\/p><p><strong>Quelle est la proc\u00e9dure \u00e0 suivre pour vous?<\/strong><\/p><p>Vous pouvez b\u00e9n\u00e9ficier d\u2019une augmentation de la d\u00e9duction fiscale pour les investissements qui sont effectivement pay\u00e9s pendant la p\u00e9riode imposable.<\/p><p>Vous devez alors: mentionner les frais pay\u00e9s en 2014 et remplir un formulaire \u201c D\u00e9duction fiscale pour investissements\u2019 dans votre d\u00e9claration de revenu ((exercice d\u2019imposition 2015), que vous recevrez au cours du premier semestre de cette ann\u00e9e.<\/p><p>Les ann\u00e9es suivantes vous devez suivre la m\u00eame proc\u00e9dure pour des \u00e9ventuels nouveaux investissements.<\/p><p>Vous devez conserver et tenir \u00e0 la disposition du SPF Finances les documents suivants:<\/p><p>Les factures des investissements.<\/p><p>La preuve de paiement des montants mentionn\u00e9s dans les factures.<\/p><p>La d\u00e9claration de l\u2019entrepreneur sur la facture (ou en pi\u00e8ce jointe), mentionnant qu\u2019il garantit la qualit\u00e9 du mat\u00e9riel.<\/p><p>Pour syst\u00e8mes d\u2019alarme et syst\u00e8me de suivi:<\/p><p>La preuve d\u2019une convention par \u00e9crit d\u2019une centrale d\u2019alarme certifi\u00e9e.<\/p><p>Pour les syst\u00e8mes de cam\u00e9ra:<\/p><p>L\u2019attestation prouvant que le syst\u00e8me a \u00e9t\u00e9 d\u00e9clar\u00e9 \u00e0 la Commission de la Protection de la Vie Priv\u00e9e.<\/p><p><strong>Attention 1:<\/strong><\/p><p>L\u2019installation doit \u00eatre install\u00e9e par un entrepreneur enregistr\u00e9. C\u2019est l\u2019entrepreneur qui \u00e9tablira la d\u00e9claration qu\u2019il a effectu\u00e9 les travaux.<\/p><p><strong>Attention 2 :<\/strong><\/p><p><strong>en ce qui concerne l\u2019installation d\u2019un syst\u00e8me d\u2019alarme, l\u2019entrepreneur enregistr\u00e9 doit avoir une entreprise de s\u00e9curit\u00e9 reconnue par le SPF Int\u00e9rieur.<\/strong><\/p><p><strong>Dispositions l\u00e9gales<\/strong><\/p><p>D\u00e9duction fiscale pour les investissements en mati\u00e8re de s\u00e9curit\u00e9: La liste d\u2019investissements possibles en mati\u00e8re de s\u00e9curit\u00e9 ainsi que les conditions de qualit\u00e9 relatives, sont \u00e9tablies dans l\u2019Arr\u00eat\u00e9 Royal du 17 a\u00f4ut 2007, modifiant en mati\u00e8re de pr\u00e9compte professionnel, l\u2019AR\/CIR 92 (Moniteur Belge, 30.08.2007).<\/p><p>D\u00e9duction de frais professionnels jusqu\u2019\u00e0 120 %: Art. 54 : Dans le Code des Imp\u00f4ts sur les Revenus 1992 on ins\u00e8re l\u2019article 64Ter.<\/p><\/div>\n\t\t\t\t<\/div>\n\t\t\t\t\t\t\t<div class=\"elementor-toggle-item\">\n\t\t\t\t\t<div id=\"elementor-tab-title-1614\" class=\"elementor-tab-title\" data-tab=\"4\" role=\"button\" aria-controls=\"elementor-tab-content-1614\" aria-expanded=\"false\">\n\t\t\t\t\t\t\t\t\t\t\t\t<span class=\"elementor-toggle-icon elementor-toggle-icon-left\" aria-hidden=\"true\">\n\t\t\t\t\t\t\t\t\t\t\t\t\t\t\t<span class=\"elementor-toggle-icon-closed\"><i class=\"fas fa-caret-right\"><\/i><\/span>\n\t\t\t\t\t\t\t\t<span class=\"elementor-toggle-icon-opened\"><i class=\"elementor-toggle-icon-opened fas fa-caret-up\"><\/i><\/span>\n\t\t\t\t\t\t\t\t\t\t\t\t\t<\/span>\n\t\t\t\t\t\t\t\t\t\t\t\t<a class=\"elementor-toggle-title\" tabindex=\"0\">Une installation de s\u00e9curit\u00e9 n\u00e9cessite-t-elle un entretien annuel ? Est-ce qu'une installation de s\u00e9curit\u00e9 exige un entretien?<\/a>\n\t\t\t\t\t<\/div>\n\n\t\t\t\t\t<div id=\"elementor-tab-content-1614\" class=\"elementor-tab-content elementor-clearfix\" data-tab=\"4\" role=\"region\" aria-labelledby=\"elementor-tab-title-1614\"><p><strong>D\u00e9duction pour investissement en s\u00e9curit\u00e9 : L\u00e9gislation 2015<\/strong><\/p><p>Une salle professionnelle s\u00e9curis\u00e9e rapporte plus que vous ne le pensez. En augmentant la s\u00e9curit\u00e9 de votre environnement de travail, vous limitez non seulement les risques de vol, d'effraction ou de cambriolage, mais aussi les cons\u00e9quences financi\u00e8res. De plus, vous cr\u00e9ez une atmosph\u00e8re de travail sans soucis pour vous et vos employ\u00e9s. N'h\u00e9sitez pas \u00e0 vous faire conseiller gratuitement par les conseillers technico-pr\u00e9ventifs de votre zone de police. Ces professionnels d\u00e9tectent et analysent les forces et les faiblesses de vos locaux professionnels.<\/p><p><strong>Pour qui?<\/strong><\/p><p>Pour les ind\u00e9pendants, PME et professions lib\u00e9rales qui s\u00e9curisent leurs locaux professionnels.<\/p><p><strong>Quel avantage ?<\/strong><\/p><p>En plus de l'amortissement normal, les investissements en mat\u00e9riel de s\u00e9curit\u00e9 peuvent b\u00e9n\u00e9ficier d'une d\u00e9duction suppl\u00e9mentaire de 20,5 %, \u00e0 savoir la \u00ab D\u00e9duction pour investissement \u00bb. Cette d\u00e9duction est d\u00e9duite du b\u00e9n\u00e9fice ou du revenu de l'ann\u00e9e au cours de laquelle vous avez acquis ces biens.<\/p><p>Exemple<\/p><p>Erik est travailleur ind\u00e9pendant (commer\u00e7ant). En 2014, il a investi 15.000 \u20ac pour la s\u00e9curisation de ses locaux professionnels.<\/p><p>15.000 \u20ac x 20,5 % = 3.075 \u20ac d\u00e9duction pour investissement. Ce montant est d\u00e9duit du r\u00e9sultat net de 2014.<\/p><p><strong>Mat\u00e9riel donnant droit \u00e0 une d\u00e9duction fiscale*<\/strong><\/p><p>\u2013 syst\u00e8mes anti-ram raid<\/p><p>- syst\u00e8mes de contr\u00f4le d'acc\u00e8s<\/p><p>\u2013 \u00e9l\u00e9ments de retard dans le parking<\/p><p>\u2013 verre sp\u00e9cifique anti-effraction<\/p><p>\u2013 volets roulants anti-effraction sp\u00e9cifiques<\/p><p>\u2013 syst\u00e8mes de s\u00e9curit\u00e9 pour portes, fen\u00eatres, volets, portes de garage, lucarnes, fen\u00eatres de toit, trous de cave et portes blind\u00e9es de portail<\/p><p>\u2013 \u00e9quipement de d\u00e9tection de vol<\/p><p>\u2013 coffre-fort avec serrure anti-effraction<\/p><p>\u2013 caisses enregistreuses avec capot de protection ou capot anti-agrippant<\/p><p>\u2013 syst\u00e8me de neutralisation des valeurs (light-CIT)<\/p><p>\u2013 cl\u00f4ture anti-effraction sp\u00e9cifique pour les serrures de chantier et autres syst\u00e8mes de s\u00e9curit\u00e9 des \u00e9quipements sur un chantier<\/p><p>- syst\u00e8mes d'alarme<\/p><p>\u2013 camerasystemen<\/p><p>\u2013 syst\u00e8mes de suivi<\/p><p>* Cette d\u00e9duction fiscale ne s'applique qu'aux frais occasionn\u00e9s par l'achat d'un nouvel \u00e9quipement.<\/p><p><strong>Quelle proc\u00e9dure l'entrepreneur qui effectue des travaux de s\u00e9curit\u00e9 doit-il suivre?<\/strong><\/p><p>Il doit indiquer sur la facture (ou en annexe) dans quels locaux professionnels les travaux ont \u00e9t\u00e9 effectu\u00e9s et faire une d\u00e9claration sur leur qualit\u00e9. Cela signifie qu'il doit d\u00e9montrer que les investissements r\u00e9pondent aux objectifs fix\u00e9s pour ce mat\u00e9riel, et qu'ils r\u00e9pondent aux exigences l\u00e9gales qui sont sp\u00e9cifiquement \u00e9tablies dans le cadre de ces mesures (Arr\u00eat\u00e9 royal modifiant l'Arr\u00eat\u00e9 royal\/WIB 92 relatif \u00e0 la d\u00e9duction pour investissement ). Assurez-vous que votre entrepreneur est au courant de ces dispositions.<\/p><p><strong>Quelles mesures devez-vous prendre?<\/strong><\/p><p>Vous pouvez obtenir une d\u00e9duction fiscale major\u00e9e pour les investissements r\u00e9ellement pay\u00e9s pendant la p\u00e9riode imposable.<\/p><p>Vous devez donc : Dans votre d\u00e9claration fiscale (ann\u00e9e d'imposition 2015), que vous recevrez au cours du premier semestre de cette ann\u00e9e-l\u00e0, indiquer les d\u00e9penses pay\u00e9es en 2014 et remplir un formulaire<\/p><p>\u00ab Allocation d'investissement \u00bb.<\/p><p>Les ann\u00e9es suivantes, vous devrez proc\u00e9der de la m\u00eame mani\u00e8re pour les nouveaux investissements.<\/p><p>Vous devez tenir \u00e0 la disposition du SPF Finances les documents suivants :<\/p><p>\u2013 les factures des investissements.<\/p><p>\u2013 la preuve du paiement des montants mentionn\u00e9s sur les factures.<\/p><p>\u2013 la d\u00e9claration de l'entrepreneur sur la facture (ou en annexe) garantissant la qualit\u00e9 du mat\u00e9riel.<\/p><p>pour les syst\u00e8mes d'alarme et les syst\u00e8mes de localisation,<\/p><p>\u2013 la preuve d'un accord \u00e9crit avec un centre d'urgence agr\u00e9\u00e9.<\/p><p>pour les syst\u00e8mes de cam\u00e9ras,<\/p><p>\u2013 l'attestation prouvant que le syst\u00e8me a \u00e9t\u00e9 d\u00e9clar\u00e9 \u00e0 la Commission de la protection de la vie priv\u00e9e.<\/p><p><strong>Attention 1 :<\/strong><\/p><p>L'installation doit \u00eatre effectu\u00e9e par un entrepreneur agr\u00e9\u00e9. C'est l'entrepreneur qui \u00e9tablira la d\u00e9claration d'ex\u00e9cution des travaux.<\/p><p><strong>Attention 2 :<\/strong><\/p><p><strong>en ce qui concerne l'installation d'un syst\u00e8me d'alarme, l'entrepreneur enregistr\u00e9 doit \u00e9galement \u00eatre une soci\u00e9t\u00e9 de gardiennage, reconnue par le SPF Int\u00e9rieur.<\/strong><\/p><p><strong>R\u00e9glementation statutaire<\/strong><\/p><p>D\u00e9duction pour investissement en s\u00e9curit\u00e9 : La liste des investissements possibles dans le domaine de la s\u00e9curit\u00e9, ainsi que les conditions de qualit\u00e9 y aff\u00e9rentes, sont reprises dans l'arr\u00eat\u00e9 royal du 17 ao\u00fbt 2007 modifiant l'arr\u00eat\u00e9 royal\/WIB 92 relatif \u00e0 la d\u00e9duction pour investissement (Moniteur belge, 30.08.2007)<\/p><p>D\u00e9duction des frais professionnels jusqu'\u00e0 120% : Art. 54 : Un article 64ter est ins\u00e9r\u00e9 dans le Code des imp\u00f4ts sur les revenus 1992.<\/p><p>__________________________________<\/p><p><strong>Est-ce que mes investissements en s\u00e9curit\u00e9 entrent en ligne de compte pour une d\u00e9duction fiscale?<\/strong><\/p><p>D\u00e9duction fiscale des investissements en mati\u00e8re de s\u00e9curit\u00e9: L\u00e9gislation 2015<\/p><p>La s\u00e9curisation d\u2019un local professionnel rapporte plus que vous ne le pensez. Par une augmentation de la s\u00e9curit\u00e9 de votre environnement de travail, vous ne diminuez non seulement le risque de vols, de cambriolages ou d\u2019attaques mais \u00e9galement les cons\u00e9quences financi\u00e8res. En outre, vous cr\u00e9erez une atmosph\u00e8re d\u2019insouciance au travail pour vous-m\u00eame et pour vos employ\u00e9s. N\u2019h\u00e9sitez pas \u00e0 contacter les conseillers techno-pr\u00e9ventifs de votre zone de police pour obtenir des conseils gratuits. Ces professionnels d\u00e9tecteront et analyseront les points forts et les points faibles de vos lieux de travail.<\/p><p><strong>Pour qui?<\/strong><\/p><p>Pour les ind\u00e9pendants, les PME et les titulaires de professions lib\u00e9rales qui s\u00e9curisent leurs lieux de travail.<\/p><p><strong>Quel avantage?<\/strong><\/p><p>Les investissements en mat\u00e9riels de s\u00e9curisation sont susceptibles de b\u00e9n\u00e9ficier, en plus d\u2019un amortissement ordinaire, d\u2019une d\u00e9duction compl\u00e9mentaire de 20,5 %, notamment la \u2018D\u00e9duction pour investissement\u2019. Cette d\u00e9duction est op\u00e9r\u00e9e sur les b\u00e9n\u00e9fices ou les profits de l\u2019ann\u00e9e au cours de laquelle vous avez acquis ces immobilisations.<\/p><p>Exemple:<\/p><p>Eric est un commer\u00e7ant ind\u00e9pendant. En 2014, il investisse 15.00 euros pour la s\u00e9curisation de ses lieux de travail.<\/p><p>\u20ac 15.000 x 20,5 % = \u20ac 3.075 de d\u00e9duction pour investissement. Ce montant est d\u00e9duit du b\u00e9n\u00e9fice net de 2014.<\/p><p><strong>Mat\u00e9riaux donnant droit \u00e0 une d\u00e9duction fiscale*<\/strong><\/p><p>Syst\u00e8mes de protection contre les attaques \u00e0 la voiture b\u00e9lier<\/p><p>El\u00e9ments entrainant un ralentissement pour syst\u00e8mes de contr\u00f4le d\u2019acc\u00e8s pour parkings<\/p><p>Vitrage antieffraction sp\u00e9cifique<\/p><p>Volets roulants antieffraction sp\u00e9cifiques<\/p><p>Syst\u00e8mes de s\u00e9curit\u00e9 pour portes, fen\u00eatres, volets, portes de garages, toitures\/coupoles vitr\u00e9es, lucarnes, soupiraux et porte blind\u00e9es avec grilles<\/p><p>Mat\u00e9riel pour la d\u00e9tection vol<\/p><p>Coffre-fort pour y d\u00e9poser vos biens avec une serrure qui ralentit l\u2019intrusion<\/p><p>Caisses \u00e0 couvercle s\u00e9curis\u00e9 ou couvercle antivol<\/p><p>Syst\u00e8me de neutralisation de valeurs (light-CIT)<\/p><p>Cl\u00f4ture sp\u00e9cifique anti-intrusion pour serrures de chantiers de construction et autre syst\u00e8me de s\u00e9curit\u00e9 pour la protection de mat\u00e9riaux sur un chantier de construction<\/p><p>Syst\u00e8mes d\u2019alarme \u2013 syst\u00e8mes de cam\u00e9ra<\/p><p>Syst\u00e8mes de suivi<\/p><p>* Cette d\u00e9duction fiscale s\u2019applique uniquement sur les frais \u00e9manant d\u2019achats de mat\u00e9riel neuf.<\/p><p><strong>Quelle est la proc\u00e9dure \u00e0 suivre pour l\u2019entrepreneur qui effectue les travaux de s\u00e9curisation?<\/strong><\/p><p>Il doit indiquer sur la facture (ou sur les pi\u00e8ces jointes) dans quels locaux professionnels les travaux ont \u00e9t\u00e9 effectu\u00e9s et il doit soumettre une d\u00e9claration concernant la qualit\u00e9 des travaux. Cela implique qu\u2019il doit attester que les investissements r\u00e9pondent aux objectifs comme d\u00e9termin\u00e9s pour ce mat\u00e9riel, et qu\u2019ils satisfont aux exigences l\u00e9gales qui ont \u00e9t\u00e9 \u00e9tablies dans le cadre de ces mesures (Arr\u00eat\u00e9 Royal modifiant, en mati\u00e8re de pr\u00e9compte professionnel, l\u2019AR\/CIR 92). Assurez-vous que votre entrepreneur soit au courant de ces dispositions.<\/p><p><strong>Quelle est la proc\u00e9dure \u00e0 suivre pour vous?<\/strong><\/p><p>Vous pouvez b\u00e9n\u00e9ficier d\u2019une augmentation de la d\u00e9duction fiscale pour les investissements qui sont effectivement pay\u00e9s pendant la p\u00e9riode imposable.<\/p><p>Vous devez alors: mentionner les frais pay\u00e9s en 2014 et remplir un formulaire \u201c D\u00e9duction fiscale pour investissements\u2019 dans votre d\u00e9claration de revenu ((exercice d\u2019imposition 2015), que vous recevrez au cours du premier semestre de cette ann\u00e9e.<\/p><p>Les ann\u00e9es suivantes vous devez suivre la m\u00eame proc\u00e9dure pour des \u00e9ventuels nouveaux investissements.<\/p><p>Vous devez conserver et tenir \u00e0 la disposition du SPF Finances les documents suivants:<\/p><p>Les factures des investissements.<\/p><p>La preuve de paiement des montants mentionn\u00e9s dans les factures.<\/p><p>La d\u00e9claration de l\u2019entrepreneur sur la facture (ou en pi\u00e8ce jointe), mentionnant qu\u2019il garantit la qualit\u00e9 du mat\u00e9riel.<\/p><p>Pour syst\u00e8mes d\u2019alarme et syst\u00e8me de suivi:<\/p><p>La preuve d\u2019une convention par \u00e9crit d\u2019une centrale d\u2019alarme certifi\u00e9e.<\/p><p>Pour les syst\u00e8mes de cam\u00e9ra:<\/p><p>L\u2019attestation prouvant que le syst\u00e8me a \u00e9t\u00e9 d\u00e9clar\u00e9 \u00e0 la Commission de la Protection de la Vie Priv\u00e9e.<\/p><p><strong>Attention 1:<\/strong><\/p><p>L\u2019installation doit \u00eatre install\u00e9e par un entrepreneur enregistr\u00e9. C\u2019est l\u2019entrepreneur qui \u00e9tablira la d\u00e9claration qu\u2019il a effectu\u00e9 les travaux.<\/p><p><strong>Attention 2 :<\/strong><\/p><p><strong>en ce qui concerne l\u2019installation d\u2019un syst\u00e8me d\u2019alarme, l\u2019entrepreneur enregistr\u00e9 doit avoir une entreprise de s\u00e9curit\u00e9 reconnue par le SPF Int\u00e9rieur.<\/strong><\/p><p><strong>Dispositions l\u00e9gales<\/strong><\/p><p>D\u00e9duction fiscale pour les investissements en mati\u00e8re de s\u00e9curit\u00e9: La liste d\u2019investissements possibles en mati\u00e8re de s\u00e9curit\u00e9 ainsi que les conditions de qualit\u00e9 relatives, sont \u00e9tablies dans l\u2019Arr\u00eat\u00e9 Royal du 17 a\u00f4ut 2007, modifiant en mati\u00e8re de pr\u00e9compte professionnel, l\u2019AR\/CIR 92 (Moniteur Belge, 30.08.2007).<\/p><p>D\u00e9duction de frais professionnels jusqu\u2019\u00e0 120 %: Art. 54 : Dans le Code des Imp\u00f4ts sur les Revenus 1992 on ins\u00e8re l\u2019article 64Ter.<\/p><\/div>\n\t\t\t\t<\/div>\n\t\t\t\t\t\t\t<div class=\"elementor-toggle-item\">\n\t\t\t\t\t<div id=\"elementor-tab-title-1615\" class=\"elementor-tab-title\" data-tab=\"5\" role=\"button\" aria-controls=\"elementor-tab-content-1615\" aria-expanded=\"false\">\n\t\t\t\t\t\t\t\t\t\t\t\t<span class=\"elementor-toggle-icon elementor-toggle-icon-left\" aria-hidden=\"true\">\n\t\t\t\t\t\t\t\t\t\t\t\t\t\t\t<span class=\"elementor-toggle-icon-closed\"><i class=\"fas fa-caret-right\"><\/i><\/span>\n\t\t\t\t\t\t\t\t<span class=\"elementor-toggle-icon-opened\"><i class=\"elementor-toggle-icon-opened fas fa-caret-up\"><\/i><\/span>\n\t\t\t\t\t\t\t\t\t\t\t\t\t<\/span>\n\t\t\t\t\t\t\t\t\t\t\t\t<a class=\"elementor-toggle-title\" tabindex=\"0\">Une installation de s\u00e9curit\u00e9 n\u00e9cessite-t-elle un entretien annuel ? Est-ce qu'une installation de s\u00e9curit\u00e9 exige un entretien?<\/a>\n\t\t\t\t\t<\/div>\n\n\t\t\t\t\t<div id=\"elementor-tab-content-1615\" class=\"elementor-tab-content elementor-clearfix\" data-tab=\"5\" role=\"region\" aria-labelledby=\"elementor-tab-title-1615\"><p>Une installation de s\u00e9curit\u00e9 est un syst\u00e8me compos\u00e9 de plusieurs composants \u00e9lectroniques. Ces composants peuvent ou non avoir \u00e9t\u00e9 expos\u00e9s \u00e0 des facteurs environnementaux tels que la salet\u00e9 ou l'humidit\u00e9. De plus, chaque installation de s\u00e9curit\u00e9 contient des batteries de secours qui garantissent le fonctionnement du syst\u00e8me en cas de panne de courant. Ces batteries sont en permanence sous tension et perdent leur capacit\u00e9 de stockage au bout d'un certain temps. Les lentilles du d\u00e9tecteur doivent \u00eatre nettoy\u00e9es pour \u00e9viter les dysfonctionnements ou les fausses alarmes. Il est de la responsabilit\u00e9 de l'installateur de s'assurer que l'ensemble de l'installation est en bon \u00e9tat de fonctionnement pour \u00e9viter les fausses alarmes. Apr\u00e8s un entretien professionnel, vous recevrez une attestation d'entretien de l'installateur, attestation qui peut \u00eatre demand\u00e9e par votre compagnie d'assurance en cas d'urgence.<\/p><p><strong>Nous attirons l'attention de tout utilisateur d'un syst\u00e8me d'alarme sur le fait que l'entretien annuel d'un syst\u00e8me d'alarme est une obligation l\u00e9gale !<\/strong><\/p><p><strong>_____________________________________<\/strong><\/p><p><strong>Est-ce qu\u2019une installation de s\u00e9curit\u00e9 exige un entretien annuel?<\/strong><\/p><p>Une installation de s\u00e9curit\u00e9 est un syst\u00e8me compos\u00e9 de plusieurs composantes \u00e9lectroniques. Ces composantes seront expos\u00e9es \u00e0 des facteurs environnementaux tels que des salet\u00e9s ou l\u2019humidit\u00e9. Chaque installation de s\u00e9curit\u00e9 contient des batteries de secours qui peuvent garantir le fonctionnement du syst\u00e8me en cas de panne de courant. Ces batteries sont toujours sous tension et au bout d\u2019un certain temps elles perdent leur capacit\u00e9 de stockage. Les objectifs des d\u00e9tecteurs doivent \u00eatre nettoy\u00e9s pour \u00e9viter des d\u00e9rangements ou des fausses alarmes.<\/p><p>C\u2019est la t\u00e2che de l\u2019installateur de veiller au bon \u00e9tat et au bon fonctionnement pour \u00e9viter les fausses alarmes. Apr\u00e8s un entretien professionnel, vous recevrez une attestation d\u2019entretien de l\u2019installateur. En cas de calamit\u00e9, votre entreprise d\u2019assurance peut vous demander cette attestation.<\/p><p><strong>Nous signalons \u00e0 chaque utilisateur que l\u2019entretien annuel d\u2019un syst\u00e8me d\u2019alarme est une obligation l\u00e9gale!<\/strong><\/p><\/div>\n\t\t\t\t<\/div>\n\t\t\t\t\t\t\t<div class=\"elementor-toggle-item\">\n\t\t\t\t\t<div id=\"elementor-tab-title-1616\" class=\"elementor-tab-title\" data-tab=\"6\" role=\"button\" aria-controls=\"elementor-tab-content-1616\" aria-expanded=\"false\">\n\t\t\t\t\t\t\t\t\t\t\t\t<span class=\"elementor-toggle-icon elementor-toggle-icon-left\" aria-hidden=\"true\">\n\t\t\t\t\t\t\t\t\t\t\t\t\t\t\t<span class=\"elementor-toggle-icon-closed\"><i class=\"fas fa-caret-right\"><\/i><\/span>\n\t\t\t\t\t\t\t\t<span class=\"elementor-toggle-icon-opened\"><i class=\"elementor-toggle-icon-opened fas fa-caret-up\"><\/i><\/span>\n\t\t\t\t\t\t\t\t\t\t\t\t\t<\/span>\n\t\t\t\t\t\t\t\t\t\t\t\t<a class=\"elementor-toggle-title\" tabindex=\"0\">Puis-je placer une cam\u00e9ra de s\u00e9curit\u00e9 sur la voie publique ? Puis-je installer une cam\u00e9ra de surveillance sur la voie publique ?<\/a>\n\t\t\t\t\t<\/div>\n\n\t\t\t\t\t<div id=\"elementor-tab-content-1616\" class=\"elementor-tab-content elementor-clearfix\" data-tab=\"6\" role=\"region\" aria-labelledby=\"elementor-tab-title-1616\"><p>L'installation de cam\u00e9ras de surveillance rel\u00e8ve de la \" Loi r\u00e9glementant le placement et l'utilisation des cam\u00e9ras de surveillance \" publi\u00e9e au Journal Officiel 31\/05\/2007 . Cette loi d\u00e9crit en d\u00e9tail les r\u00e8gles que l'installation de cam\u00e9ras dans des lieux accessibles au public doit respecter.<\/p><p>___________________________________<\/p><p><strong>Puis-je installer une cam\u00e9ra de surveillance sur la voie publique?<\/strong><\/p><p>L\u2019installation de cam\u00e9ras de surveillance fait partie de la \u2018Loi r\u00e9glant l\u2019installation et l\u2019utilisation de cam\u00e9ras de surveillance\u2019, publi\u00e9e au moniteur 31\/05\/2007. Cette loi d\u00e9crit en d\u00e9tail les r\u00e8gles auxquels l\u2019installation de cam\u00e9ras sur les lieux accessibles au public doit r\u00e9pondre.<\/p><\/div>\n\t\t\t\t<\/div>\n\t\t\t\t\t\t\t<div class=\"elementor-toggle-item\">\n\t\t\t\t\t<div id=\"elementor-tab-title-1617\" class=\"elementor-tab-title\" data-tab=\"7\" role=\"button\" aria-controls=\"elementor-tab-content-1617\" aria-expanded=\"false\">\n\t\t\t\t\t\t\t\t\t\t\t\t<span class=\"elementor-toggle-icon elementor-toggle-icon-left\" aria-hidden=\"true\">\n\t\t\t\t\t\t\t\t\t\t\t\t\t\t\t<span class=\"elementor-toggle-icon-closed\"><i class=\"fas fa-caret-right\"><\/i><\/span>\n\t\t\t\t\t\t\t\t<span class=\"elementor-toggle-icon-opened\"><i class=\"elementor-toggle-icon-opened fas fa-caret-up\"><\/i><\/span>\n\t\t\t\t\t\t\t\t\t\t\t\t\t<\/span>\n\t\t\t\t\t\t\t\t\t\t\t\t<a class=\"elementor-toggle-title\" tabindex=\"0\">Qu'est-ce que POWR ?<\/a>\n\t\t\t\t\t<\/div>\n\n\t\t\t\t\t<div id=\"elementor-tab-content-1617\" class=\"elementor-tab-content elementor-clearfix\" data-tab=\"7\" role=\"region\" aria-labelledby=\"elementor-tab-title-1617\"><p>POWR est la principale biblioth\u00e8que de plugins du Web et a cr\u00e9\u00e9 cette FAQ. Obtenez le v\u00f4tre, ainsi que des formulaires, des galeries, des flux sociaux, du commerce \u00e9lectronique et bien plus encore sur\u00a0<a href=\"https:\/\/www.powr.io\/\" target=\"_blank\" rel=\"noopener\">POWR.io<\/a>.<\/p><\/div>\n\t\t\t\t<\/div>\n\t\t\t\t\t\t\t\t<\/div>\n\t\t\t\t<\/div>\n\t\t\t\t<\/div>\n\t\t\t\t\t<\/div>\n\t\t<\/div>\n\t\t\t\t\t<\/div>\n\t\t<\/section>\n\t\t\t\t\t<\/div>\n\t\t<\/div>\n\t\t\t\t\t<\/div>\n\t\t<\/section>\n\t\t\t\t<\/div>","protected":false},"excerpt":{"rendered":"<p>Hoe herken ik een erkende beveilgingsonderneming en hun medewerkers? Comment puis-je reconna\u00eetre une entreprise de s\u00e9curit\u00e9 agr\u00e9\u00e9e et ses collaborateurs? Elke onderneming die actief wenst te zijn in de beveiligingswereld moet erkend zijn door het Ministerie van Binnenlandse Zaken , Afdeling \u201cPrivate Veiligheid\u201d. Men bekomt deze erkenning pas nadat men voldoet aan meerdere eisen zoals [&hellip;]<\/p>","protected":false},"author":4,"featured_media":0,"parent":0,"menu_order":0,"comment_status":"closed","ping_status":"closed","template":"","meta":{"footnotes":""},"class_list":["post-36","page","type-page","status-publish","hentry"],"yoast_head":"<!-- This site is optimized with the Yoast SEO plugin v22.1 - https:\/\/yoast.com\/wordpress\/plugins\/seo\/ -->\r\n<title>FAQ - Arcom Security Solutions<\/title>\r\n<meta name=\"robots\" content=\"index, follow, max-snippet:-1, max-image-preview:large, max-video-preview:-1\" \/>\r\n<link rel=\"canonical\" href=\"https:\/\/www.arcom.be\/fr\/faq\/\" \/>\r\n<meta property=\"og:locale\" content=\"fr_FR\" \/>\r\n<meta property=\"og:type\" content=\"article\" \/>\r\n<meta property=\"og:title\" content=\"FAQ - Arcom Security Solutions\" \/>\r\n<meta property=\"og:description\" content=\"Hoe herken ik een erkende beveilgingsonderneming en hun medewerkers? Comment puis-je reconna\u00eetre une entreprise de s\u00e9curit\u00e9 agr\u00e9\u00e9e et ses collaborateurs? Elke onderneming die actief wenst te zijn in de beveiligingswereld moet erkend zijn door het Ministerie van Binnenlandse Zaken , Afdeling \u201cPrivate Veiligheid\u201d. Men bekomt deze erkenning pas nadat men voldoet aan meerdere eisen zoals [&hellip;]\" \/>\r\n<meta property=\"og:url\" content=\"https:\/\/www.arcom.be\/fr\/faq\/\" \/>\r\n<meta property=\"og:site_name\" content=\"Arcom Security Solutions\" \/>\r\n<meta property=\"article:modified_time\" content=\"2021-09-14T09:52:14+00:00\" \/>\r\n<meta name=\"twitter:card\" content=\"summary_large_image\" \/>\r\n<meta name=\"twitter:label1\" content=\"Dur\u00e9e de lecture estim\u00e9e\" \/>\n\t<meta name=\"twitter:data1\" content=\"17 minutes\" \/>\r\n<script type=\"application\/ld+json\" class=\"yoast-schema-graph\">{\"@context\":\"https:\/\/schema.org\",\"@graph\":[{\"@type\":\"WebPage\",\"@id\":\"https:\/\/www.arcom.be\/faq\/\",\"url\":\"https:\/\/www.arcom.be\/faq\/\",\"name\":\"FAQ - Arcom Security Solutions\",\"isPartOf\":{\"@id\":\"https:\/\/www.arcom.be\/#website\"},\"datePublished\":\"2021-09-14T06:35:17+00:00\",\"dateModified\":\"2021-09-14T09:52:14+00:00\",\"breadcrumb\":{\"@id\":\"https:\/\/www.arcom.be\/faq\/#breadcrumb\"},\"inLanguage\":\"fr-FR\",\"potentialAction\":[{\"@type\":\"ReadAction\",\"target\":[\"https:\/\/www.arcom.be\/faq\/\"]}]},{\"@type\":\"BreadcrumbList\",\"@id\":\"https:\/\/www.arcom.be\/faq\/#breadcrumb\",\"itemListElement\":[{\"@type\":\"ListItem\",\"position\":1,\"name\":\"Home\",\"item\":\"https:\/\/www.arcom.be\/\"},{\"@type\":\"ListItem\",\"position\":2,\"name\":\"FAQ\"}]},{\"@type\":\"WebSite\",\"@id\":\"https:\/\/www.arcom.be\/#website\",\"url\":\"https:\/\/www.arcom.be\/\",\"name\":\"Arcom Security Solutions\",\"description\":\"\",\"potentialAction\":[{\"@type\":\"SearchAction\",\"target\":{\"@type\":\"EntryPoint\",\"urlTemplate\":\"https:\/\/www.arcom.be\/?s={search_term_string}\"},\"query-input\":\"required name=search_term_string\"}],\"inLanguage\":\"fr-FR\"}]}<\/script>\r\n<!-- \/ Yoast SEO plugin. -->","yoast_head_json":{"title":"FAQ - Arcom Security Solutions","robots":{"index":"index","follow":"follow","max-snippet":"max-snippet:-1","max-image-preview":"max-image-preview:large","max-video-preview":"max-video-preview:-1"},"canonical":"https:\/\/www.arcom.be\/fr\/faq\/","og_locale":"fr_FR","og_type":"article","og_title":"FAQ - Arcom Security Solutions","og_description":"Hoe herken ik een erkende beveilgingsonderneming en hun medewerkers? Comment puis-je reconna\u00eetre une entreprise de s\u00e9curit\u00e9 agr\u00e9\u00e9e et ses collaborateurs? Elke onderneming die actief wenst te zijn in de beveiligingswereld moet erkend zijn door het Ministerie van Binnenlandse Zaken , Afdeling \u201cPrivate Veiligheid\u201d. Men bekomt deze erkenning pas nadat men voldoet aan meerdere eisen zoals [&hellip;]","og_url":"https:\/\/www.arcom.be\/fr\/faq\/","og_site_name":"Arcom Security Solutions","article_modified_time":"2021-09-14T09:52:14+00:00","twitter_card":"summary_large_image","twitter_misc":{"Dur\u00e9e de lecture estim\u00e9e":"17 minutes"},"schema":{"@context":"https:\/\/schema.org","@graph":[{"@type":"WebPage","@id":"https:\/\/www.arcom.be\/faq\/","url":"https:\/\/www.arcom.be\/faq\/","name":"FAQ - Arcom Security Solutions","isPartOf":{"@id":"https:\/\/www.arcom.be\/#website"},"datePublished":"2021-09-14T06:35:17+00:00","dateModified":"2021-09-14T09:52:14+00:00","breadcrumb":{"@id":"https:\/\/www.arcom.be\/faq\/#breadcrumb"},"inLanguage":"fr-FR","potentialAction":[{"@type":"ReadAction","target":["https:\/\/www.arcom.be\/faq\/"]}]},{"@type":"BreadcrumbList","@id":"https:\/\/www.arcom.be\/faq\/#breadcrumb","itemListElement":[{"@type":"ListItem","position":1,"name":"Home","item":"https:\/\/www.arcom.be\/"},{"@type":"ListItem","position":2,"name":"FAQ"}]},{"@type":"WebSite","@id":"https:\/\/www.arcom.be\/#website","url":"https:\/\/www.arcom.be\/","name":"Arcom Security Solutions","description":"","potentialAction":[{"@type":"SearchAction","target":{"@type":"EntryPoint","urlTemplate":"https:\/\/www.arcom.be\/?s={search_term_string}"},"query-input":"required name=search_term_string"}],"inLanguage":"fr-FR"}]}},"_links":{"self":[{"href":"https:\/\/www.arcom.be\/fr\/wp-json\/wp\/v2\/pages\/36","targetHints":{"allow":["GET"]}}],"collection":[{"href":"https:\/\/www.arcom.be\/fr\/wp-json\/wp\/v2\/pages"}],"about":[{"href":"https:\/\/www.arcom.be\/fr\/wp-json\/wp\/v2\/types\/page"}],"author":[{"embeddable":true,"href":"https:\/\/www.arcom.be\/fr\/wp-json\/wp\/v2\/users\/4"}],"replies":[{"embeddable":true,"href":"https:\/\/www.arcom.be\/fr\/wp-json\/wp\/v2\/comments?post=36"}],"version-history":[{"count":28,"href":"https:\/\/www.arcom.be\/fr\/wp-json\/wp\/v2\/pages\/36\/revisions"}],"predecessor-version":[{"id":109,"href":"https:\/\/www.arcom.be\/fr\/wp-json\/wp\/v2\/pages\/36\/revisions\/109"}],"wp:attachment":[{"href":"https:\/\/www.arcom.be\/fr\/wp-json\/wp\/v2\/media?parent=36"}],"curies":[{"name":"wp","href":"https:\/\/api.w.org\/{rel}","templated":true}]}}